{"id":206,"date":"2016-08-17T00:27:57","date_gmt":"2016-08-16T21:27:57","guid":{"rendered":"http:\/\/tomriddoridberg.fi\/fi\/bilder\/"},"modified":"2016-10-03T13:30:50","modified_gmt":"2016-10-03T10:30:50","slug":"bilder","status":"publish","type":"page","link":"http:\/\/tomriddoridberg.fi\/fi\/bilder\/","title":{"rendered":"KUVIA"},"content":{"rendered":"<p><span style=\"color: #000000;\"><strong>Musiikki ja teatteri (ohjausteht\u00e4v\u00e4t, yhtyekokoonpanot ja harrastajateatteriroolit, sekalainen valikoima).<\/strong><\/span><\/p>\n<div id='gallery-1' class='gallery galleryid-206 gallery-columns-4 gallery-size-medium'><dl class='gallery-item'>\n\t\t\t<dt class='gallery-icon landscape'>\n\t\t\t\t<a href='http:\/\/tomriddoridberg.fi\/fi\/bilder\/regi-doris-flickan-i-laderrock-teaterboulage-2016-photo-henrik-zoom\/'><img loading=\"lazy\" decoding=\"async\" width=\"300\" height=\"200\" src=\"http:\/\/tomriddoridberg.fi\/wp-content\/uploads\/2016\/08\/REGI-Doris-flickan-i-l\u00e4derrock.-Teaterboulage-2016.-Photo-Henrik-Zoom-300x200.jpg\" class=\"attachment-medium size-medium\" alt=\"\" aria-describedby=\"gallery-1-193\" srcset=\"http:\/\/tomriddoridberg.fi\/wp-content\/uploads\/2016\/08\/REGI-Doris-flickan-i-l\u00e4derrock.-Teaterboulage-2016.-Photo-Henrik-Zoom-300x200.jpg 300w, http:\/\/tomriddoridberg.fi\/wp-content\/uploads\/2016\/08\/REGI-Doris-flickan-i-l\u00e4derrock.-Teaterboulage-2016.-Photo-Henrik-Zoom-768x513.jpg 768w, http:\/\/tomriddoridberg.fi\/wp-content\/uploads\/2016\/08\/REGI-Doris-flickan-i-l\u00e4derrock.-Teaterboulage-2016.-Photo-Henrik-Zoom-1024x683.jpg 1024w\" sizes=\"(max-width: 300px) 100vw, 300px\" \/><\/a>\n\t\t\t<\/dt>\n\t\t\t\t<dd class='wp-caption-text gallery-caption' id='gallery-1-193'>\n\t\t\t\tOHJAUS &#8211; Doris-flickan i l\u00e4derrock. Teaterboulage 2016. Photo Henrik Zoom\n\t\t\t\t<\/dd><\/dl><dl class='gallery-item'>\n\t\t\t<dt class='gallery-icon landscape'>\n\t\t\t\t<a href='http:\/\/tomriddoridberg.fi\/fi\/bilder\/regi-show-8-pargas-stad-2016\/'><img loading=\"lazy\" decoding=\"async\" width=\"300\" height=\"200\" src=\"http:\/\/tomriddoridberg.fi\/wp-content\/uploads\/2016\/08\/REGI-Show-8.-Pargas-stad-2016-300x200.jpg\" class=\"attachment-medium size-medium\" alt=\"\" aria-describedby=\"gallery-1-198\" srcset=\"http:\/\/tomriddoridberg.fi\/wp-content\/uploads\/2016\/08\/REGI-Show-8.-Pargas-stad-2016-300x200.jpg 300w, http:\/\/tomriddoridberg.fi\/wp-content\/uploads\/2016\/08\/REGI-Show-8.-Pargas-stad-2016-768x513.jpg 768w, http:\/\/tomriddoridberg.fi\/wp-content\/uploads\/2016\/08\/REGI-Show-8.-Pargas-stad-2016-1024x684.jpg 1024w, http:\/\/tomriddoridberg.fi\/wp-content\/uploads\/2016\/08\/REGI-Show-8.-Pargas-stad-2016.jpg 2048w\" sizes=\"(max-width: 300px) 100vw, 300px\" \/><\/a>\n\t\t\t<\/dt>\n\t\t\t\t<dd class='wp-caption-text gallery-caption' id='gallery-1-198'>\n\t\t\t\tOHJAUS &#8211; Show 8. Paraisten kaupunki 2016. Photo Henrik Zoom\n\t\t\t\t<\/dd><\/dl><dl class='gallery-item'>\n\t\t\t<dt class='gallery-icon landscape'>\n\t\t\t\t<a href='http:\/\/tomriddoridberg.fi\/fi\/bilder\/regi-och-musiker-jukebox-teaterboulage-2014-photo-henrik-zoom\/'><img loading=\"lazy\" decoding=\"async\" width=\"300\" height=\"200\" src=\"http:\/\/tomriddoridberg.fi\/wp-content\/uploads\/2016\/08\/REGI-och-MUSIKER.-Jukebox.-Teaterboulage-2014.-Photo-Henrik-Zoom-300x200.jpg\" class=\"attachment-medium size-medium\" alt=\"\" aria-describedby=\"gallery-1-201\" srcset=\"http:\/\/tomriddoridberg.fi\/wp-content\/uploads\/2016\/08\/REGI-och-MUSIKER.-Jukebox.-Teaterboulage-2014.-Photo-Henrik-Zoom-300x200.jpg 300w, http:\/\/tomriddoridberg.fi\/wp-content\/uploads\/2016\/08\/REGI-och-MUSIKER.-Jukebox.-Teaterboulage-2014.-Photo-Henrik-Zoom-768x511.jpg 768w, http:\/\/tomriddoridberg.fi\/wp-content\/uploads\/2016\/08\/REGI-och-MUSIKER.-Jukebox.-Teaterboulage-2014.-Photo-Henrik-Zoom-1024x681.jpg 1024w, http:\/\/tomriddoridberg.fi\/wp-content\/uploads\/2016\/08\/REGI-och-MUSIKER.-Jukebox.-Teaterboulage-2014.-Photo-Henrik-Zoom.jpg 1733w\" sizes=\"(max-width: 300px) 100vw, 300px\" \/><\/a>\n\t\t\t<\/dt>\n\t\t\t\t<dd class='wp-caption-text gallery-caption' id='gallery-1-201'>\n\t\t\t\tOHJAUS ja MUUSIKKO. Jukebox. Teaterboulage 2014. Photo Henrik Zoom\n\t\t\t\t<\/dd><\/dl><dl class='gallery-item'>\n\t\t\t<dt class='gallery-icon landscape'>\n\t\t\t\t<a href='http:\/\/tomriddoridberg.fi\/fi\/bilder\/regi-show-seven-pargas-stad-2014-photo-henrik-zoom\/'><img loading=\"lazy\" decoding=\"async\" width=\"150\" height=\"150\" src=\"http:\/\/tomriddoridberg.fi\/wp-content\/uploads\/2016\/08\/REGI-Show-Seven.-Pargas-stad-2014.-Photo-Henrik-Zoom.jpg\" class=\"attachment-medium size-medium\" alt=\"\" aria-describedby=\"gallery-1-199\" \/><\/a>\n\t\t\t<\/dt>\n\t\t\t\t<dd class='wp-caption-text gallery-caption' id='gallery-1-199'>\n\t\t\t\tOHJAUS &#8211; Show Seven. Paraisten kaupunki 2014. Photo Henrik Zoom\n\t\t\t\t<\/dd><\/dl><br style=\"clear: both\" \/><dl class='gallery-item'>\n\t\t\t<dt class='gallery-icon landscape'>\n\t\t\t\t<a href='http:\/\/tomriddoridberg.fi\/fi\/bilder\/regi-vill-du-slejkas-teaterboulage-2012-photo-henrik-zoom\/'><img loading=\"lazy\" decoding=\"async\" width=\"300\" height=\"232\" src=\"http:\/\/tomriddoridberg.fi\/wp-content\/uploads\/2016\/08\/REGI-Vill-du-slejkas.-Teaterboulage-2012-Photo-Henrik-Zoom-300x232.jpg\" class=\"attachment-medium size-medium\" alt=\"\" aria-describedby=\"gallery-1-200\" srcset=\"http:\/\/tomriddoridberg.fi\/wp-content\/uploads\/2016\/08\/REGI-Vill-du-slejkas.-Teaterboulage-2012-Photo-Henrik-Zoom-300x232.jpg 300w, http:\/\/tomriddoridberg.fi\/wp-content\/uploads\/2016\/08\/REGI-Vill-du-slejkas.-Teaterboulage-2012-Photo-Henrik-Zoom-768x593.jpg 768w, http:\/\/tomriddoridberg.fi\/wp-content\/uploads\/2016\/08\/REGI-Vill-du-slejkas.-Teaterboulage-2012-Photo-Henrik-Zoom-1024x791.jpg 1024w\" sizes=\"(max-width: 300px) 100vw, 300px\" \/><\/a>\n\t\t\t<\/dt>\n\t\t\t\t<dd class='wp-caption-text gallery-caption' id='gallery-1-200'>\n\t\t\t\tOHJAUS &#8211; Vill du slejkas?. Teaterboulage 2012. Photo Henrik Zoom\n\t\t\t\t<\/dd><\/dl><dl class='gallery-item'>\n\t\t\t<dt class='gallery-icon landscape'>\n\t\t\t\t<a href='http:\/\/tomriddoridberg.fi\/fi\/bilder\/regi-show-006-pargas-stad-photo-henrik-zoom\/'><img loading=\"lazy\" decoding=\"async\" width=\"300\" height=\"199\" src=\"http:\/\/tomriddoridberg.fi\/wp-content\/uploads\/2016\/08\/REGI-Show-006.-Pargas-stad.-Photo-Henrik-Zoom-300x199.jpg\" class=\"attachment-medium size-medium\" alt=\"\" aria-describedby=\"gallery-1-197\" srcset=\"http:\/\/tomriddoridberg.fi\/wp-content\/uploads\/2016\/08\/REGI-Show-006.-Pargas-stad.-Photo-Henrik-Zoom-300x199.jpg 300w, http:\/\/tomriddoridberg.fi\/wp-content\/uploads\/2016\/08\/REGI-Show-006.-Pargas-stad.-Photo-Henrik-Zoom.jpg 700w\" sizes=\"(max-width: 300px) 100vw, 300px\" \/><\/a>\n\t\t\t<\/dt>\n\t\t\t\t<dd class='wp-caption-text gallery-caption' id='gallery-1-197'>\n\t\t\t\tOHJAUS &#8211; Show 006. Paraisten kaupunki, 2012.. Photo Henrik Zoom\n\t\t\t\t<\/dd><\/dl><dl class='gallery-item'>\n\t\t\t<dt class='gallery-icon landscape'>\n\t\t\t\t<a href='http:\/\/tomriddoridberg.fi\/fi\/bilder\/regi-show-4-0-pargas-stad-2008-photo-anna-franck\/'><img loading=\"lazy\" decoding=\"async\" width=\"300\" height=\"187\" src=\"http:\/\/tomriddoridberg.fi\/wp-content\/uploads\/2016\/08\/REGI-Show-4.0.-Pargas-stad-2008-Photo-Anna-Franck-300x187.jpg\" class=\"attachment-medium size-medium\" alt=\"\" aria-describedby=\"gallery-1-196\" srcset=\"http:\/\/tomriddoridberg.fi\/wp-content\/uploads\/2016\/08\/REGI-Show-4.0.-Pargas-stad-2008-Photo-Anna-Franck-300x187.jpg 300w, http:\/\/tomriddoridberg.fi\/wp-content\/uploads\/2016\/08\/REGI-Show-4.0.-Pargas-stad-2008-Photo-Anna-Franck-768x479.jpg 768w, http:\/\/tomriddoridberg.fi\/wp-content\/uploads\/2016\/08\/REGI-Show-4.0.-Pargas-stad-2008-Photo-Anna-Franck-1024x639.jpg 1024w\" sizes=\"(max-width: 300px) 100vw, 300px\" \/><\/a>\n\t\t\t<\/dt>\n\t\t\t\t<dd class='wp-caption-text gallery-caption' id='gallery-1-196'>\n\t\t\t\tOHJAUS &#8211; Show 4.0. Paraisten kaupunki 2008. Photo Anna Franck\n\t\t\t\t<\/dd><\/dl><dl class='gallery-item'>\n\t\t\t<dt class='gallery-icon landscape'>\n\t\t\t\t<a href='http:\/\/tomriddoridberg.fi\/fi\/bilder\/regi-fangad-pa-natet-teaterboulage-2007-photo-anna-franck\/'><img loading=\"lazy\" decoding=\"async\" width=\"300\" height=\"200\" src=\"http:\/\/tomriddoridberg.fi\/wp-content\/uploads\/2016\/08\/REGI-F\u00e5ngad-p\u00e5-N\u00e4tet.-Teaterboulage-2007.-Photo-Anna-Franck-300x200.jpg\" class=\"attachment-medium size-medium\" alt=\"\" aria-describedby=\"gallery-1-195\" srcset=\"http:\/\/tomriddoridberg.fi\/wp-content\/uploads\/2016\/08\/REGI-F\u00e5ngad-p\u00e5-N\u00e4tet.-Teaterboulage-2007.-Photo-Anna-Franck-300x200.jpg 300w, http:\/\/tomriddoridberg.fi\/wp-content\/uploads\/2016\/08\/REGI-F\u00e5ngad-p\u00e5-N\u00e4tet.-Teaterboulage-2007.-Photo-Anna-Franck-768x512.jpg 768w, http:\/\/tomriddoridberg.fi\/wp-content\/uploads\/2016\/08\/REGI-F\u00e5ngad-p\u00e5-N\u00e4tet.-Teaterboulage-2007.-Photo-Anna-Franck-1024x683.jpg 1024w\" sizes=\"(max-width: 300px) 100vw, 300px\" \/><\/a>\n\t\t\t<\/dt>\n\t\t\t\t<dd class='wp-caption-text gallery-caption' id='gallery-1-195'>\n\t\t\t\tOHJAUS &#8211; F\u00e5ngad p\u00e5 N\u00e4tet. Teaterboulage 2007. Photo Anna Franck\n\t\t\t\t<\/dd><\/dl><br style=\"clear: both\" \/><dl class='gallery-item'>\n\t\t\t<dt class='gallery-icon landscape'>\n\t\t\t\t<a href='http:\/\/tomriddoridberg.fi\/fi\/bilder\/regi-folk-och-rovare-i-kamomilla-stad-2008-photo-bobo-lunden\/'><img loading=\"lazy\" decoding=\"async\" width=\"300\" height=\"199\" src=\"http:\/\/tomriddoridberg.fi\/wp-content\/uploads\/2016\/08\/REGI-Folk-och-r\u00f6vare-i-kamomilla-stad-2008.-Photo-Bobo-Lund\u00e9n-300x199.jpg\" class=\"attachment-medium size-medium\" alt=\"\" aria-describedby=\"gallery-1-194\" srcset=\"http:\/\/tomriddoridberg.fi\/wp-content\/uploads\/2016\/08\/REGI-Folk-och-r\u00f6vare-i-kamomilla-stad-2008.-Photo-Bobo-Lund\u00e9n-300x199.jpg 300w, http:\/\/tomriddoridberg.fi\/wp-content\/uploads\/2016\/08\/REGI-Folk-och-r\u00f6vare-i-kamomilla-stad-2008.-Photo-Bobo-Lund\u00e9n-768x511.jpg 768w, http:\/\/tomriddoridberg.fi\/wp-content\/uploads\/2016\/08\/REGI-Folk-och-r\u00f6vare-i-kamomilla-stad-2008.-Photo-Bobo-Lund\u00e9n-1024x681.jpg 1024w\" sizes=\"(max-width: 300px) 100vw, 300px\" \/><\/a>\n\t\t\t<\/dt>\n\t\t\t\t<dd class='wp-caption-text gallery-caption' id='gallery-1-194'>\n\t\t\t\tOHJAUS &#8211; Folk och r\u00f6vare i kamomilla stad 2008. Photo Bobo Lund\u00e9n\n\t\t\t\t<\/dd><\/dl><dl class='gallery-item'>\n\t\t\t<dt class='gallery-icon landscape'>\n\t\t\t\t<a href='http:\/\/tomriddoridberg.fi\/fi\/bilder\/keyboards-green-onion-photo-baltic-jazz\/'><img loading=\"lazy\" decoding=\"async\" width=\"300\" height=\"208\" src=\"http:\/\/tomriddoridberg.fi\/wp-content\/uploads\/2016\/08\/Keyboards-GREEN-ONION-Photo-Baltic-Jazz-300x208.jpg\" class=\"attachment-medium size-medium\" alt=\"\" aria-describedby=\"gallery-1-183\" srcset=\"http:\/\/tomriddoridberg.fi\/wp-content\/uploads\/2016\/08\/Keyboards-GREEN-ONION-Photo-Baltic-Jazz-300x208.jpg 300w, http:\/\/tomriddoridberg.fi\/wp-content\/uploads\/2016\/08\/Keyboards-GREEN-ONION-Photo-Baltic-Jazz.jpg 720w\" sizes=\"(max-width: 300px) 100vw, 300px\" \/><\/a>\n\t\t\t<\/dt>\n\t\t\t\t<dd class='wp-caption-text gallery-caption' id='gallery-1-183'>\n\t\t\t\tKosketinsoittimet &#8211; GREEN ONION, 2010. Photo Baltic Jazz\n\t\t\t\t<\/dd><\/dl><dl class='gallery-item'>\n\t\t\t<dt class='gallery-icon landscape'>\n\t\t\t\t<a href='http:\/\/tomriddoridberg.fi\/fi\/bilder\/keyboards-burned-picture-photo-erik-saanila\/'><img loading=\"lazy\" decoding=\"async\" width=\"300\" height=\"200\" src=\"http:\/\/tomriddoridberg.fi\/wp-content\/uploads\/2016\/08\/Keyboards-BURNED-PICTURE-Photo-Erik-Saanila-300x200.jpg\" class=\"attachment-medium size-medium\" alt=\"\" aria-describedby=\"gallery-1-180\" srcset=\"http:\/\/tomriddoridberg.fi\/wp-content\/uploads\/2016\/08\/Keyboards-BURNED-PICTURE-Photo-Erik-Saanila-300x200.jpg 300w, http:\/\/tomriddoridberg.fi\/wp-content\/uploads\/2016\/08\/Keyboards-BURNED-PICTURE-Photo-Erik-Saanila-768x512.jpg 768w, http:\/\/tomriddoridberg.fi\/wp-content\/uploads\/2016\/08\/Keyboards-BURNED-PICTURE-Photo-Erik-Saanila-1024x682.jpg 1024w, http:\/\/tomriddoridberg.fi\/wp-content\/uploads\/2016\/08\/Keyboards-BURNED-PICTURE-Photo-Erik-Saanila.jpg 2000w\" sizes=\"(max-width: 300px) 100vw, 300px\" \/><\/a>\n\t\t\t<\/dt>\n\t\t\t\t<dd class='wp-caption-text gallery-caption' id='gallery-1-180'>\n\t\t\t\tKosketinsoittimet &#8211; BURNED PICTURE, 2014.. Photo Erik Saanila\n\t\t\t\t<\/dd><\/dl><dl class='gallery-item'>\n\t\t\t<dt class='gallery-icon landscape'>\n\t\t\t\t<a href='http:\/\/tomriddoridberg.fi\/fi\/bilder\/non-troppo-1985\/'><img loading=\"lazy\" decoding=\"async\" width=\"300\" height=\"188\" src=\"http:\/\/tomriddoridberg.fi\/wp-content\/uploads\/2016\/08\/NON-TROPPO-1985-300x188.jpg\" class=\"attachment-medium size-medium\" alt=\"\" aria-describedby=\"gallery-1-185\" srcset=\"http:\/\/tomriddoridberg.fi\/wp-content\/uploads\/2016\/08\/NON-TROPPO-1985-300x188.jpg 300w, http:\/\/tomriddoridberg.fi\/wp-content\/uploads\/2016\/08\/NON-TROPPO-1985-768x483.jpg 768w, http:\/\/tomriddoridberg.fi\/wp-content\/uploads\/2016\/08\/NON-TROPPO-1985-1024x643.jpg 1024w, http:\/\/tomriddoridberg.fi\/wp-content\/uploads\/2016\/08\/NON-TROPPO-1985.jpg 1808w\" sizes=\"(max-width: 300px) 100vw, 300px\" \/><\/a>\n\t\t\t<\/dt>\n\t\t\t\t<dd class='wp-caption-text gallery-caption' id='gallery-1-185'>\n\t\t\t\tKosketinsoittimet &#8211; NON TROPPO 1985. Photo Vesa Tschernij\n\t\t\t\t<\/dd><\/dl><br style=\"clear: both\" \/><dl class='gallery-item'>\n\t\t\t<dt class='gallery-icon landscape'>\n\t\t\t\t<a href='http:\/\/tomriddoridberg.fi\/fi\/bilder\/folkrorelsen-photo-henrik-zoom\/'><img loading=\"lazy\" decoding=\"async\" width=\"300\" height=\"200\" src=\"http:\/\/tomriddoridberg.fi\/wp-content\/uploads\/2016\/08\/FoLKR\u00d6RELSEN-Photo-Henrik-Zoom-300x200.jpg\" class=\"attachment-medium size-medium\" alt=\"\" aria-describedby=\"gallery-1-178\" srcset=\"http:\/\/tomriddoridberg.fi\/wp-content\/uploads\/2016\/08\/FoLKR\u00d6RELSEN-Photo-Henrik-Zoom-300x200.jpg 300w, http:\/\/tomriddoridberg.fi\/wp-content\/uploads\/2016\/08\/FoLKR\u00d6RELSEN-Photo-Henrik-Zoom-768x513.jpg 768w, http:\/\/tomriddoridberg.fi\/wp-content\/uploads\/2016\/08\/FoLKR\u00d6RELSEN-Photo-Henrik-Zoom-1024x683.jpg 1024w\" sizes=\"(max-width: 300px) 100vw, 300px\" \/><\/a>\n\t\t\t<\/dt>\n\t\t\t\t<dd class='wp-caption-text gallery-caption' id='gallery-1-178'>\n\t\t\t\tPolkuharmoni &#8211; FoLKR\u00d6RELSEN, 2013.. Photo Henrik Zoom\n\t\t\t\t<\/dd><\/dl><dl class='gallery-item'>\n\t\t\t<dt class='gallery-icon portrait'>\n\t\t\t\t<a href='http:\/\/tomriddoridberg.fi\/fi\/bilder\/keyboards-jukebox-five-jukebox-teaterboulage\/'><img loading=\"lazy\" decoding=\"async\" width=\"285\" height=\"300\" src=\"http:\/\/tomriddoridberg.fi\/wp-content\/uploads\/2016\/08\/Keyboards-JUKEBOX-FIVE-Jukebox-Teaterboulage-285x300.jpg\" class=\"attachment-medium size-medium\" alt=\"\" aria-describedby=\"gallery-1-184\" srcset=\"http:\/\/tomriddoridberg.fi\/wp-content\/uploads\/2016\/08\/Keyboards-JUKEBOX-FIVE-Jukebox-Teaterboulage-285x300.jpg 285w, http:\/\/tomriddoridberg.fi\/wp-content\/uploads\/2016\/08\/Keyboards-JUKEBOX-FIVE-Jukebox-Teaterboulage-768x809.jpg 768w, http:\/\/tomriddoridberg.fi\/wp-content\/uploads\/2016\/08\/Keyboards-JUKEBOX-FIVE-Jukebox-Teaterboulage-972x1024.jpg 972w\" sizes=\"(max-width: 285px) 100vw, 285px\" \/><\/a>\n\t\t\t<\/dt>\n\t\t\t\t<dd class='wp-caption-text gallery-caption' id='gallery-1-184'>\n\t\t\t\tKosketinsoittimet &#8211; JUKEBOX FIVE, Jukebox, Teaterboulage, 2014.. Photo Henrik Zoom.\n\t\t\t\t<\/dd><\/dl><dl class='gallery-item'>\n\t\t\t<dt class='gallery-icon landscape'>\n\t\t\t\t<a href='http:\/\/tomriddoridberg.fi\/fi\/bilder\/keyboards-burned-picture-photo-samuel-salminen\/'><img loading=\"lazy\" decoding=\"async\" width=\"300\" height=\"200\" src=\"http:\/\/tomriddoridberg.fi\/wp-content\/uploads\/2016\/08\/Keyboards-BURNED-PICTURE-Photo-Samuel-Salminen-300x200.jpg\" class=\"attachment-medium size-medium\" alt=\"\" aria-describedby=\"gallery-1-181\" srcset=\"http:\/\/tomriddoridberg.fi\/wp-content\/uploads\/2016\/08\/Keyboards-BURNED-PICTURE-Photo-Samuel-Salminen-300x200.jpg 300w, http:\/\/tomriddoridberg.fi\/wp-content\/uploads\/2016\/08\/Keyboards-BURNED-PICTURE-Photo-Samuel-Salminen-768x513.jpg 768w, http:\/\/tomriddoridberg.fi\/wp-content\/uploads\/2016\/08\/Keyboards-BURNED-PICTURE-Photo-Samuel-Salminen-1024x683.jpg 1024w\" sizes=\"(max-width: 300px) 100vw, 300px\" \/><\/a>\n\t\t\t<\/dt>\n\t\t\t\t<dd class='wp-caption-text gallery-caption' id='gallery-1-181'>\n\t\t\t\tKosketinsoittimet &#8211; BURNED PICTURE, 2014.. Photo Samuel Salminen\n\t\t\t\t<\/dd><\/dl><dl class='gallery-item'>\n\t\t\t<dt class='gallery-icon landscape'>\n\t\t\t\t<a href='http:\/\/tomriddoridberg.fi\/fi\/creamers-1981\/'><img loading=\"lazy\" decoding=\"async\" width=\"300\" height=\"213\" src=\"http:\/\/tomriddoridberg.fi\/wp-content\/uploads\/2016\/08\/CREAMERS-1981-300x213.jpg\" class=\"attachment-medium size-medium\" alt=\"\" aria-describedby=\"gallery-1-177\" srcset=\"http:\/\/tomriddoridberg.fi\/wp-content\/uploads\/2016\/08\/CREAMERS-1981-300x213.jpg 300w, http:\/\/tomriddoridberg.fi\/wp-content\/uploads\/2016\/08\/CREAMERS-1981.jpg 350w\" sizes=\"(max-width: 300px) 100vw, 300px\" \/><\/a>\n\t\t\t<\/dt>\n\t\t\t\t<dd class='wp-caption-text gallery-caption' id='gallery-1-177'>\n\t\t\t\tKosketinsoittimet &#8211; CREAMERS, 1981.\n\t\t\t\t<\/dd><\/dl><br style=\"clear: both\" \/><dl class='gallery-item'>\n\t\t\t<dt class='gallery-icon landscape'>\n\t\t\t\t<a href='http:\/\/tomriddoridberg.fi\/fi\/bilder\/tramporgel-folkrorelsen-photo-samuel-salminen\/'><img loading=\"lazy\" decoding=\"async\" width=\"300\" height=\"201\" src=\"http:\/\/tomriddoridberg.fi\/wp-content\/uploads\/2016\/08\/Tramporgel-FoLKR\u00d6RELSEN-Photo-Samuel-Salminen-300x201.jpg\" class=\"attachment-medium size-medium\" alt=\"\" aria-describedby=\"gallery-1-174\" srcset=\"http:\/\/tomriddoridberg.fi\/wp-content\/uploads\/2016\/08\/Tramporgel-FoLKR\u00d6RELSEN-Photo-Samuel-Salminen-300x201.jpg 300w, http:\/\/tomriddoridberg.fi\/wp-content\/uploads\/2016\/08\/Tramporgel-FoLKR\u00d6RELSEN-Photo-Samuel-Salminen-768x514.jpg 768w, http:\/\/tomriddoridberg.fi\/wp-content\/uploads\/2016\/08\/Tramporgel-FoLKR\u00d6RELSEN-Photo-Samuel-Salminen-1024x685.jpg 1024w\" sizes=\"(max-width: 300px) 100vw, 300px\" \/><\/a>\n\t\t\t<\/dt>\n\t\t\t\t<dd class='wp-caption-text gallery-caption' id='gallery-1-174'>\n\t\t\t\tPolkuharmoni &#8211; FoLKR\u00d6RELSEN, 2014. Photo Samuel Salminen\n\t\t\t\t<\/dd><\/dl><dl class='gallery-item'>\n\t\t\t<dt class='gallery-icon landscape'>\n\t\t\t\t<a href='http:\/\/tomriddoridberg.fi\/fi\/egils-maskin-1992-2\/'><img loading=\"lazy\" decoding=\"async\" width=\"300\" height=\"200\" src=\"http:\/\/tomriddoridberg.fi\/wp-content\/uploads\/2016\/09\/Egils-maskin-1992-300x200.jpg\" class=\"attachment-medium size-medium\" alt=\"\" aria-describedby=\"gallery-1-338\" srcset=\"http:\/\/tomriddoridberg.fi\/wp-content\/uploads\/2016\/09\/Egils-maskin-1992-300x200.jpg 300w, http:\/\/tomriddoridberg.fi\/wp-content\/uploads\/2016\/09\/Egils-maskin-1992.jpg 566w\" sizes=\"(max-width: 300px) 100vw, 300px\" \/><\/a>\n\t\t\t<\/dt>\n\t\t\t\t<dd class='wp-caption-text gallery-caption' id='gallery-1-338'>\n\t\t\t\tBiisintekij\u00e4, muusikko &#8211; EGILS MASKIN, 1992.\n\t\t\t\t<\/dd><\/dl><dl class='gallery-item'>\n\t\t\t<dt class='gallery-icon landscape'>\n\t\t\t\t<a href='http:\/\/tomriddoridberg.fi\/fi\/bilder\/bruce-almighty-photo-anna-franck\/'><img loading=\"lazy\" decoding=\"async\" width=\"300\" height=\"212\" src=\"http:\/\/tomriddoridberg.fi\/wp-content\/uploads\/2016\/08\/BRUCE-ALMIGHTY-Photo-Anna-Franck-300x212.jpg\" class=\"attachment-medium size-medium\" alt=\"\" aria-describedby=\"gallery-1-175\" srcset=\"http:\/\/tomriddoridberg.fi\/wp-content\/uploads\/2016\/08\/BRUCE-ALMIGHTY-Photo-Anna-Franck-300x212.jpg 300w, http:\/\/tomriddoridberg.fi\/wp-content\/uploads\/2016\/08\/BRUCE-ALMIGHTY-Photo-Anna-Franck-768x543.jpg 768w, http:\/\/tomriddoridberg.fi\/wp-content\/uploads\/2016\/08\/BRUCE-ALMIGHTY-Photo-Anna-Franck-1024x724.jpg 1024w\" sizes=\"(max-width: 300px) 100vw, 300px\" \/><\/a>\n\t\t\t<\/dt>\n\t\t\t\t<dd class='wp-caption-text gallery-caption' id='gallery-1-175'>\n\t\t\t\tKosketinsoittimet &#8211; BRUCE ALMIGHTY, 2009.. Photo Anna Franck\n\t\t\t\t<\/dd><\/dl><dl class='gallery-item'>\n\t\t\t<dt class='gallery-icon landscape'>\n\t\t\t\t<a href='http:\/\/tomriddoridberg.fi\/fi\/bilder\/keyboards-daniela-herrarna-2004\/'><img loading=\"lazy\" decoding=\"async\" width=\"300\" height=\"217\" src=\"http:\/\/tomriddoridberg.fi\/wp-content\/uploads\/2016\/08\/Keyboards-DANIELA-HERRARNA-2004-300x217.jpg\" class=\"attachment-medium size-medium\" alt=\"\" aria-describedby=\"gallery-1-182\" srcset=\"http:\/\/tomriddoridberg.fi\/wp-content\/uploads\/2016\/08\/Keyboards-DANIELA-HERRARNA-2004-300x217.jpg 300w, http:\/\/tomriddoridberg.fi\/wp-content\/uploads\/2016\/08\/Keyboards-DANIELA-HERRARNA-2004-768x555.jpg 768w, http:\/\/tomriddoridberg.fi\/wp-content\/uploads\/2016\/08\/Keyboards-DANIELA-HERRARNA-2004-1024x740.jpg 1024w\" sizes=\"(max-width: 300px) 100vw, 300px\" \/><\/a>\n\t\t\t<\/dt>\n\t\t\t\t<dd class='wp-caption-text gallery-caption' id='gallery-1-182'>\n\t\t\t\tKosketinsoittimet &#8211; DANIELA &#038; HERRARNA 2004. Photo Rowlit\n\t\t\t\t<\/dd><\/dl><br style=\"clear: both\" \/><dl class='gallery-item'>\n\t\t\t<dt class='gallery-icon landscape'>\n\t\t\t\t<a href='http:\/\/tomriddoridberg.fi\/fi\/bilder\/green-onion-2001-photo-matti-kivekas\/'><img loading=\"lazy\" decoding=\"async\" width=\"300\" height=\"200\" src=\"http:\/\/tomriddoridberg.fi\/wp-content\/uploads\/2016\/08\/GREEN-ONION-2001-Photo-Matti-Kivek\u00e4s-300x200.jpg\" class=\"attachment-medium size-medium\" alt=\"\" aria-describedby=\"gallery-1-179\" srcset=\"http:\/\/tomriddoridberg.fi\/wp-content\/uploads\/2016\/08\/GREEN-ONION-2001-Photo-Matti-Kivek\u00e4s-300x200.jpg 300w, http:\/\/tomriddoridberg.fi\/wp-content\/uploads\/2016\/08\/GREEN-ONION-2001-Photo-Matti-Kivek\u00e4s-768x512.jpg 768w, http:\/\/tomriddoridberg.fi\/wp-content\/uploads\/2016\/08\/GREEN-ONION-2001-Photo-Matti-Kivek\u00e4s.jpg 1024w\" sizes=\"(max-width: 300px) 100vw, 300px\" \/><\/a>\n\t\t\t<\/dt>\n\t\t\t\t<dd class='wp-caption-text gallery-caption' id='gallery-1-179'>\n\t\t\t\tKosketinsoittimet &#8211; GREEN ONION, 2001. Photo Matti Kivek\u00e4s\n\t\t\t\t<\/dd><\/dl><dl class='gallery-item'>\n\t\t\t<dt class='gallery-icon landscape'>\n\t\t\t\t<a href='http:\/\/tomriddoridberg.fi\/fi\/bilder\/burned-picture-photo-erik-saanila\/'><img loading=\"lazy\" decoding=\"async\" width=\"300\" height=\"207\" src=\"http:\/\/tomriddoridberg.fi\/wp-content\/uploads\/2016\/08\/BURNED-PICTURE-Photo-Erik-Saanila-300x207.jpg\" class=\"attachment-medium size-medium\" alt=\"\" aria-describedby=\"gallery-1-176\" srcset=\"http:\/\/tomriddoridberg.fi\/wp-content\/uploads\/2016\/08\/BURNED-PICTURE-Photo-Erik-Saanila-300x207.jpg 300w, http:\/\/tomriddoridberg.fi\/wp-content\/uploads\/2016\/08\/BURNED-PICTURE-Photo-Erik-Saanila-768x530.jpg 768w, http:\/\/tomriddoridberg.fi\/wp-content\/uploads\/2016\/08\/BURNED-PICTURE-Photo-Erik-Saanila.jpg 960w\" sizes=\"(max-width: 300px) 100vw, 300px\" \/><\/a>\n\t\t\t<\/dt>\n\t\t\t\t<dd class='wp-caption-text gallery-caption' id='gallery-1-176'>\n\t\t\t\tKosketinsoittimet &#8211; BURNED PICTURE, 2014.. Photo Erik Saanila\n\t\t\t\t<\/dd><\/dl><dl class='gallery-item'>\n\t\t\t<dt class='gallery-icon landscape'>\n\t\t\t\t<a href='http:\/\/tomriddoridberg.fi\/fi\/trix-87008-2\/'><img loading=\"lazy\" decoding=\"async\" width=\"300\" height=\"208\" src=\"http:\/\/tomriddoridberg.fi\/wp-content\/uploads\/2016\/10\/Trix-87008-300x208.jpg\" class=\"attachment-medium size-medium\" alt=\"\" aria-describedby=\"gallery-1-346\" srcset=\"http:\/\/tomriddoridberg.fi\/wp-content\/uploads\/2016\/10\/Trix-87008-300x208.jpg 300w, http:\/\/tomriddoridberg.fi\/wp-content\/uploads\/2016\/10\/Trix-87008.jpg 542w\" sizes=\"(max-width: 300px) 100vw, 300px\" \/><\/a>\n\t\t\t<\/dt>\n\t\t\t\t<dd class='wp-caption-text gallery-caption' id='gallery-1-346'>\n\t\t\t\tKosketinsoittimet &#8211; TRIX, 1987.\n\t\t\t\t<\/dd><\/dl><dl class='gallery-item'>\n\t\t\t<dt class='gallery-icon portrait'>\n\t\t\t\t<a href='http:\/\/tomriddoridberg.fi\/fi\/bilder\/ingvar-hem-javla-hem-teaterboulage-2013-photo-henrik-zoom\/'><img loading=\"lazy\" decoding=\"async\" width=\"200\" height=\"300\" src=\"http:\/\/tomriddoridberg.fi\/wp-content\/uploads\/2016\/08\/INGVAR-Hem-j\u00e4vla-hem.-Teaterboulage-2013.-Photo-Henrik-Zoom-200x300.jpg\" class=\"attachment-medium size-medium\" alt=\"\" aria-describedby=\"gallery-1-190\" srcset=\"http:\/\/tomriddoridberg.fi\/wp-content\/uploads\/2016\/08\/INGVAR-Hem-j\u00e4vla-hem.-Teaterboulage-2013.-Photo-Henrik-Zoom-200x300.jpg 200w, http:\/\/tomriddoridberg.fi\/wp-content\/uploads\/2016\/08\/INGVAR-Hem-j\u00e4vla-hem.-Teaterboulage-2013.-Photo-Henrik-Zoom-768x1151.jpg 768w, http:\/\/tomriddoridberg.fi\/wp-content\/uploads\/2016\/08\/INGVAR-Hem-j\u00e4vla-hem.-Teaterboulage-2013.-Photo-Henrik-Zoom-683x1024.jpg 683w\" sizes=\"(max-width: 200px) 100vw, 200px\" \/><\/a>\n\t\t\t<\/dt>\n\t\t\t\t<dd class='wp-caption-text gallery-caption' id='gallery-1-190'>\n\t\t\t\t&#8220;INGVAR&#8221; &#8211; Hem j\u00e4vla hem. Teaterboulage 2013. Photo Henrik Zoom\n\t\t\t\t<\/dd><\/dl><br style=\"clear: both\" \/><dl class='gallery-item'>\n\t\t\t<dt class='gallery-icon landscape'>\n\t\t\t\t<a href='http:\/\/tomriddoridberg.fi\/fi\/bilder\/roger-och-regi-ass-teaterboulage-2006-photo-bobo-lunden\/'><img loading=\"lazy\" decoding=\"async\" width=\"300\" height=\"225\" src=\"http:\/\/tomriddoridberg.fi\/wp-content\/uploads\/2016\/08\/ROGER-och-REGI-ASS.-Teaterboulage-2006.-Photo-Bobo-Lund\u00e9n--300x225.jpg\" class=\"attachment-medium size-medium\" alt=\"\" aria-describedby=\"gallery-1-202\" srcset=\"http:\/\/tomriddoridberg.fi\/wp-content\/uploads\/2016\/08\/ROGER-och-REGI-ASS.-Teaterboulage-2006.-Photo-Bobo-Lund\u00e9n--300x225.jpg 300w, http:\/\/tomriddoridberg.fi\/wp-content\/uploads\/2016\/08\/ROGER-och-REGI-ASS.-Teaterboulage-2006.-Photo-Bobo-Lund\u00e9n--768x576.jpg 768w, http:\/\/tomriddoridberg.fi\/wp-content\/uploads\/2016\/08\/ROGER-och-REGI-ASS.-Teaterboulage-2006.-Photo-Bobo-Lund\u00e9n--1024x768.jpg 1024w, http:\/\/tomriddoridberg.fi\/wp-content\/uploads\/2016\/08\/ROGER-och-REGI-ASS.-Teaterboulage-2006.-Photo-Bobo-Lund\u00e9n-.jpg 1600w\" sizes=\"(max-width: 300px) 100vw, 300px\" \/><\/a>\n\t\t\t<\/dt>\n\t\t\t\t<dd class='wp-caption-text gallery-caption' id='gallery-1-202'>\n\t\t\t\t&#8220;ROGER&#8221; ja OHJAUSASSISTENTTI &#8211; Teaterboulage 2006. Photo Bobo Lund\u00e9n\n\t\t\t\t<\/dd><\/dl><dl class='gallery-item'>\n\t\t\t<dt class='gallery-icon landscape'>\n\t\t\t\t<a href='http:\/\/tomriddoridberg.fi\/fi\/bilder\/_dsc0562\/'><img loading=\"lazy\" decoding=\"async\" width=\"300\" height=\"199\" src=\"http:\/\/tomriddoridberg.fi\/wp-content\/uploads\/2016\/08\/MEDLEM-Svett-D\u00e5rar.-2009-300x199.jpg\" class=\"attachment-medium size-medium\" alt=\"\" aria-describedby=\"gallery-1-191\" srcset=\"http:\/\/tomriddoridberg.fi\/wp-content\/uploads\/2016\/08\/MEDLEM-Svett-D\u00e5rar.-2009-300x199.jpg 300w, http:\/\/tomriddoridberg.fi\/wp-content\/uploads\/2016\/08\/MEDLEM-Svett-D\u00e5rar.-2009-768x510.jpg 768w, http:\/\/tomriddoridberg.fi\/wp-content\/uploads\/2016\/08\/MEDLEM-Svett-D\u00e5rar.-2009.jpg 1024w\" sizes=\"(max-width: 300px) 100vw, 300px\" \/><\/a>\n\t\t\t<\/dt>\n\t\t\t\t<dd class='wp-caption-text gallery-caption' id='gallery-1-191'>\n\t\t\t\tSvett &#038; D\u00e5rar, 2009. Photo Henrik Zoom.\n\t\t\t\t<\/dd><\/dl><dl class='gallery-item'>\n\t\t\t<dt class='gallery-icon landscape'>\n\t\t\t\t<a href='http:\/\/tomriddoridberg.fi\/fi\/bilder\/dahl-och-regi-herrar-teaterboulage-2006-photo-jani-lastuniemi\/'><img loading=\"lazy\" decoding=\"async\" width=\"300\" height=\"225\" src=\"http:\/\/tomriddoridberg.fi\/wp-content\/uploads\/2016\/08\/DAHL-och-REGI-Herrar.-Teaterboulage-2006.-Photo-Jani-Lastuniemi-300x225.jpg\" class=\"attachment-medium size-medium\" alt=\"\" aria-describedby=\"gallery-1-187\" srcset=\"http:\/\/tomriddoridberg.fi\/wp-content\/uploads\/2016\/08\/DAHL-och-REGI-Herrar.-Teaterboulage-2006.-Photo-Jani-Lastuniemi-300x225.jpg 300w, http:\/\/tomriddoridberg.fi\/wp-content\/uploads\/2016\/08\/DAHL-och-REGI-Herrar.-Teaterboulage-2006.-Photo-Jani-Lastuniemi-768x576.jpg 768w, http:\/\/tomriddoridberg.fi\/wp-content\/uploads\/2016\/08\/DAHL-och-REGI-Herrar.-Teaterboulage-2006.-Photo-Jani-Lastuniemi-1024x768.jpg 1024w\" sizes=\"(max-width: 300px) 100vw, 300px\" \/><\/a>\n\t\t\t<\/dt>\n\t\t\t\t<dd class='wp-caption-text gallery-caption' id='gallery-1-187'>\n\t\t\t\t&#8220;DAHL&#8221; ja OHJAUS &#8211; Herrar. Teaterboulage 2006. Photo Jani Lastuniemi\n\t\t\t\t<\/dd><\/dl><dl class='gallery-item'>\n\t\t\t<dt class='gallery-icon portrait'>\n\t\t\t\t<a href='http:\/\/tomriddoridberg.fi\/fi\/bilder\/bill-hilding-och-regi-upp-till-camping-teaterboulage-2004\/'><img loading=\"lazy\" decoding=\"async\" width=\"225\" height=\"300\" src=\"http:\/\/tomriddoridberg.fi\/wp-content\/uploads\/2016\/08\/BILL-HILDING-och-REGI-Upp-till-camping.-Teaterboulage-2004-225x300.jpg\" class=\"attachment-medium size-medium\" alt=\"\" aria-describedby=\"gallery-1-186\" srcset=\"http:\/\/tomriddoridberg.fi\/wp-content\/uploads\/2016\/08\/BILL-HILDING-och-REGI-Upp-till-camping.-Teaterboulage-2004-225x300.jpg 225w, http:\/\/tomriddoridberg.fi\/wp-content\/uploads\/2016\/08\/BILL-HILDING-och-REGI-Upp-till-camping.-Teaterboulage-2004-768x1024.jpg 768w, http:\/\/tomriddoridberg.fi\/wp-content\/uploads\/2016\/08\/BILL-HILDING-och-REGI-Upp-till-camping.-Teaterboulage-2004.jpg 1200w\" sizes=\"(max-width: 225px) 100vw, 225px\" \/><\/a>\n\t\t\t<\/dt>\n\t\t\t\t<dd class='wp-caption-text gallery-caption' id='gallery-1-186'>\n\t\t\t\t&#8220;BILL HILDING&#8221; ja OHJAUS &#8211; Upp till camping. Teaterboulage 2004. Photo Bobo Lund\u00e9n\n\t\t\t\t<\/dd><\/dl><br style=\"clear: both\" \/><dl class='gallery-item'>\n\t\t\t<dt class='gallery-icon portrait'>\n\t\t\t\t<a href='http:\/\/tomriddoridberg.fi\/fi\/bilder\/pikku-riku-och-regi-det-sjunde-rondellseglet-teaterboulage-2015-photo-oliwer-backlund\/'><img loading=\"lazy\" decoding=\"async\" width=\"200\" height=\"300\" src=\"http:\/\/tomriddoridberg.fi\/wp-content\/uploads\/2016\/08\/PIKKU-RIKU-och-REGI-Det-sjunde-rondellseglet.-Teaterboulage-2015.-Photo-Oliwer-B\u00e4cklund-200x300.jpg\" class=\"attachment-medium size-medium\" alt=\"\" aria-describedby=\"gallery-1-192\" srcset=\"http:\/\/tomriddoridberg.fi\/wp-content\/uploads\/2016\/08\/PIKKU-RIKU-och-REGI-Det-sjunde-rondellseglet.-Teaterboulage-2015.-Photo-Oliwer-B\u00e4cklund-200x300.jpg 200w, http:\/\/tomriddoridberg.fi\/wp-content\/uploads\/2016\/08\/PIKKU-RIKU-och-REGI-Det-sjunde-rondellseglet.-Teaterboulage-2015.-Photo-Oliwer-B\u00e4cklund-768x1152.jpg 768w, http:\/\/tomriddoridberg.fi\/wp-content\/uploads\/2016\/08\/PIKKU-RIKU-och-REGI-Det-sjunde-rondellseglet.-Teaterboulage-2015.-Photo-Oliwer-B\u00e4cklund-683x1024.jpg 683w\" sizes=\"(max-width: 200px) 100vw, 200px\" \/><\/a>\n\t\t\t<\/dt>\n\t\t\t\t<dd class='wp-caption-text gallery-caption' id='gallery-1-192'>\n\t\t\t\t&#8220;PIKKU RIKU&#8221; ja OHJAUS &#8211; Det sjunde rondellseglet. Teaterboulage 2015. Photo Oliwer B\u00e4cklund\n\t\t\t\t<\/dd><\/dl><dl class='gallery-item'>\n\t\t\t<dt class='gallery-icon landscape'>\n\t\t\t\t<a href='http:\/\/tomriddoridberg.fi\/fi\/bilder\/dartanjang-loranga-masarin-dartanjang-teaterboulage-2015-photo-henrik-zoom\/'><img loading=\"lazy\" decoding=\"async\" width=\"300\" height=\"272\" src=\"http:\/\/tomriddoridberg.fi\/wp-content\/uploads\/2016\/08\/DARTANJANG-Loranga-Masarin-Dartanjang.-Teaterboulage-2015-Photo-Henrik-Zoom-300x272.jpg\" class=\"attachment-medium size-medium\" alt=\"\" aria-describedby=\"gallery-1-188\" srcset=\"http:\/\/tomriddoridberg.fi\/wp-content\/uploads\/2016\/08\/DARTANJANG-Loranga-Masarin-Dartanjang.-Teaterboulage-2015-Photo-Henrik-Zoom-300x272.jpg 300w, http:\/\/tomriddoridberg.fi\/wp-content\/uploads\/2016\/08\/DARTANJANG-Loranga-Masarin-Dartanjang.-Teaterboulage-2015-Photo-Henrik-Zoom-768x695.jpg 768w, http:\/\/tomriddoridberg.fi\/wp-content\/uploads\/2016\/08\/DARTANJANG-Loranga-Masarin-Dartanjang.-Teaterboulage-2015-Photo-Henrik-Zoom-1024x927.jpg 1024w\" sizes=\"(max-width: 300px) 100vw, 300px\" \/><\/a>\n\t\t\t<\/dt>\n\t\t\t\t<dd class='wp-caption-text gallery-caption' id='gallery-1-188'>\n\t\t\t\t&#8220;DARTANJANG&#8221; &#8211; Loranga, Masarin &#038; Dartanjang. Teaterboulage 2015. Photo Henrik Zoom\n\t\t\t\t<\/dd><\/dl>\n\t\t\t<br style='clear: both' \/>\n\t\t<\/div>\n\n<p>&nbsp;<\/p>\n","protected":false},"excerpt":{"rendered":"<p>Musiikki ja teatteri (ohjausteht\u00e4v\u00e4t, yhtyekokoonpanot ja harrastajateatteriroolit, sekalainen valikoima). &nbsp;<\/p>\n","protected":false},"author":2,"featured_media":0,"parent":0,"menu_order":0,"comment_status":"closed","ping_status":"closed","template":"full-width-page.php","meta":{"footnotes":""},"_links":{"self":[{"href":"http:\/\/tomriddoridberg.fi\/fi\/wp-json\/wp\/v2\/pages\/206"}],"collection":[{"href":"http:\/\/tomriddoridberg.fi\/fi\/wp-json\/wp\/v2\/pages"}],"about":[{"href":"http:\/\/tomriddoridberg.fi\/fi\/wp-json\/wp\/v2\/types\/page"}],"author":[{"embeddable":true,"href":"http:\/\/tomriddoridberg.fi\/fi\/wp-json\/wp\/v2\/users\/2"}],"replies":[{"embeddable":true,"href":"http:\/\/tomriddoridberg.fi\/fi\/wp-json\/wp\/v2\/comments?post=206"}],"version-history":[{"count":10,"href":"http:\/\/tomriddoridberg.fi\/fi\/wp-json\/wp\/v2\/pages\/206\/revisions"}],"predecessor-version":[{"id":340,"href":"http:\/\/tomriddoridberg.fi\/fi\/wp-json\/wp\/v2\/pages\/206\/revisions\/340"}],"wp:attachment":[{"href":"http:\/\/tomriddoridberg.fi\/fi\/wp-json\/wp\/v2\/media?parent=206"}],"curies":[{"name":"wp","href":"https:\/\/api.w.org\/{rel}","templated":true}]}}